{"id":11611,"date":"2026-03-12T17:06:27","date_gmt":"2026-03-12T16:06:27","guid":{"rendered":"https:\/\/pianoprovenzana.it\/meteo-et-webcam\/lever-et-coucher-de-soleil-sur-letna\/"},"modified":"2026-03-25T16:52:53","modified_gmt":"2026-03-25T15:52:53","slug":"lever-et-coucher-de-soleil-sur-letna","status":"publish","type":"page","link":"https:\/\/pianoprovenzana.it\/fr\/meteo-et-webcam\/lever-et-coucher-de-soleil-sur-letna\/","title":{"rendered":"Lever et coucher de soleil sur l&rsquo;Etna"},"content":{"rendered":"\n<h2 class=\"wp-block-heading\"><strong>Lever et coucher de soleil sur l&rsquo;Etna<\/strong><\/h2>\n\n\n\n<p>L&rsquo;Etna, avec ses paysages changeants et ses formations volcaniques spectaculaires, offre certains des levers et couchers de soleil les plus \u00e9poustouflants au monde. Que vous soyez un l\u00e8ve-t\u00f4t impatient d&rsquo;admirer les premiers rayons du soleil ou un romantique en qu\u00eate des chaudes teintes dor\u00e9es du cr\u00e9puscule, une exp\u00e9rience sur l&rsquo;Etna est v\u00e9ritablement inoubliable. Cette page vous guidera \u00e0 travers les meilleurs moments, les sites les plus spectaculaires et vous donnera des conseils pratiques pour vivre pleinement ces instants magiques.  <\/p>\n\n\n\n<p>Si vous pr\u00e9voyez une randonn\u00e9e sur l&rsquo;Etna, v\u00e9rifiez toujours les conditions m\u00e9t\u00e9orologiques au pr\u00e9alable et tenez compte de la diff\u00e9rence de temp\u00e9rature importante entre Piano Provenzana et la c\u00f4te.<\/p>\n\n\n\n<h3 class=\"wp-block-heading\"><strong>Pourquoi assister \u00e0 un lever ou un coucher de soleil sur l&rsquo;Etna ?<\/strong><\/h3>\n\n\n\n<p>\u2713 Incomparable : Admirez le soleil peindre le ciel sicilien de nuances de rose, d&rsquo;orange et d&rsquo;or, tandis que la mer Ionienne scintille \u00e0 l&rsquo;horizon.<br>\u2713 Atmosph\u00e8re unique : Le paysage volcanique, envelopp\u00e9 de brume matinale ou illumin\u00e9 par la douce lumi\u00e8re du soir, cr\u00e9e une atmosph\u00e8re presque surr\u00e9aliste.<br>\u2713 Tranquillit\u00e9 et silence : \u00c9vitez la foule des heures centrales de la journ\u00e9e et profitez de la paix de l&rsquo;Etna aux premi\u00e8res heures du matin ou au coucher du soleil.<\/p>\n\n\n\n<h3 class=\"wp-block-heading\"><strong>Les meilleurs endroits pour admirer le lever et le coucher du soleil<\/strong><\/h3>\n\n\n\n<ul class=\"wp-block-list\">\n<li>Piano Provenzana (1 800 m) : Parfait pour les familles et facilement accessible, il offre une vue panoramique imprenable sur la c\u00f4te est et le lever du soleil.<\/li>\n\n\n\n<li>Crat\u00e8re du sommet (3 300 m) : Pour les plus aventureux, le sommet offre un paysage spectaculaire avec le soleil se levant ou se couchant sur les pics volcaniques.<\/li>\n\n\n\n<li>Monte Zoccolaro&nbsp;: un endroit moins connu qui offre une perspective unique sur l\u2019Etna et le paysage environnant au coucher du soleil.<\/li>\n<\/ul>\n\n\n\n<h3 class=\"wp-block-heading\"><strong>Heures de lever et de coucher du soleil<\/strong><\/h3>\n\n\n\n<p>Ce tableau pr\u00e9sente les heures approximatives de lever et de coucher du soleil pour chaque mois. Veuillez noter que ces heures peuvent l\u00e9g\u00e8rement varier, car il s&rsquo;agit de moyennes mensuelles. <\/p>\n\n\n\n<figure class=\"wp-block-table is-style-stripes\"><table class=\"has-fixed-layout\"><tbody><tr><td><\/td><td class=\"has-text-align-center\" data-align=\"center\"><strong><strong>Lever de soleil \u00e0 <\/strong>Etna<\/strong><\/td><td class=\"has-text-align-center\" data-align=\"center\"><strong>Coucher de soleil sur l&rsquo;Etna<\/strong><\/td><td class=\"has-text-align-center\" data-align=\"center\"><strong>Lever de soleil \u00e0 Taormina<\/strong><\/td><td class=\"has-text-align-center\" data-align=\"center\"><strong>Coucher de soleil \u00e0 Taormina<\/strong><\/td><td class=\"has-text-align-center\" data-align=\"center\"><strong><strong>Lever de soleil \u00e0 <\/strong> Palermo<\/strong><\/td><td class=\"has-text-align-center\" data-align=\"center\"><strong>Coucher de soleil \u00e0 Palerme<\/strong><\/td><\/tr><tr><td>Janvier<\/td><td class=\"has-text-align-center\" data-align=\"center\">07:10<\/td><td class=\"has-text-align-center\" data-align=\"center\">17:05<\/td><td class=\"has-text-align-center\" data-align=\"center\">07:12<\/td><td class=\"has-text-align-center\" data-align=\"center\">17:07<\/td><td class=\"has-text-align-center\" data-align=\"center\">07:21<\/td><td class=\"has-text-align-center\" data-align=\"center\">17:11<\/td><\/tr><tr><td>F\u00e9vrier<\/td><td class=\"has-text-align-center\" data-align=\"center\">06:50<\/td><td class=\"has-text-align-center\" data-align=\"center\">17:35<\/td><td class=\"has-text-align-center\" data-align=\"center\">06:52<\/td><td class=\"has-text-align-center\" data-align=\"center\">17:37<\/td><td class=\"has-text-align-center\" data-align=\"center\">07:01<\/td><td class=\"has-text-align-center\" data-align=\"center\">17:41<\/td><\/tr><tr><td>Mars<\/td><td class=\"has-text-align-center\" data-align=\"center\">06:10<\/td><td class=\"has-text-align-center\" data-align=\"center\">18:05<\/td><td class=\"has-text-align-center\" data-align=\"center\">06:12<\/td><td class=\"has-text-align-center\" data-align=\"center\">18:07<\/td><td class=\"has-text-align-center\" data-align=\"center\">06:21<\/td><td class=\"has-text-align-center\" data-align=\"center\">18:11<\/td><\/tr><tr><td>Avril<\/td><td class=\"has-text-align-center\" data-align=\"center\">05:35<\/td><td class=\"has-text-align-center\" data-align=\"center\">18:35<\/td><td class=\"has-text-align-center\" data-align=\"center\">05:37<\/td><td class=\"has-text-align-center\" data-align=\"center\">18:37<\/td><td class=\"has-text-align-center\" data-align=\"center\">05:51<\/td><td class=\"has-text-align-center\" data-align=\"center\">18:41<\/td><\/tr><tr><td>Mai<\/td><td class=\"has-text-align-center\" data-align=\"center\">05:05<\/td><td class=\"has-text-align-center\" data-align=\"center\">19:05<\/td><td class=\"has-text-align-center\" data-align=\"center\">05:07<\/td><td class=\"has-text-align-center\" data-align=\"center\">19:07<\/td><td class=\"has-text-align-center\" data-align=\"center\">05:21<\/td><td class=\"has-text-align-center\" data-align=\"center\">19:11<\/td><\/tr><tr><td>Juin<\/td><td class=\"has-text-align-center\" data-align=\"center\">04:50<\/td><td class=\"has-text-align-center\" data-align=\"center\">19:35<\/td><td class=\"has-text-align-center\" data-align=\"center\">04:52<\/td><td class=\"has-text-align-center\" data-align=\"center\">19:37<\/td><td class=\"has-text-align-center\" data-align=\"center\">05:11<\/td><td class=\"has-text-align-center\" data-align=\"center\">19:41<\/td><\/tr><tr><td>Juillet<\/td><td class=\"has-text-align-center\" data-align=\"center\">05:00<\/td><td class=\"has-text-align-center\" data-align=\"center\">19:35<\/td><td class=\"has-text-align-center\" data-align=\"center\">05:02<\/td><td class=\"has-text-align-center\" data-align=\"center\">19:37<\/td><td class=\"has-text-align-center\" data-align=\"center\">05:21<\/td><td class=\"has-text-align-center\" data-align=\"center\">19:41<\/td><\/tr><tr><td>Ao\u00fbt<\/td><td class=\"has-text-align-center\" data-align=\"center\">05:20<\/td><td class=\"has-text-align-center\" data-align=\"center\">19:05<\/td><td class=\"has-text-align-center\" data-align=\"center\">05:22<\/td><td class=\"has-text-align-center\" data-align=\"center\">19:07<\/td><td class=\"has-text-align-center\" data-align=\"center\">05:41<\/td><td class=\"has-text-align-center\" data-align=\"center\">19:11<\/td><\/tr><tr><td>Septembre<\/td><td class=\"has-text-align-center\" data-align=\"center\">05:45<\/td><td class=\"has-text-align-center\" data-align=\"center\">18:25<\/td><td class=\"has-text-align-center\" data-align=\"center\">05:47<\/td><td class=\"has-text-align-center\" data-align=\"center\">18:27<\/td><td class=\"has-text-align-center\" data-align=\"center\">06:01<\/td><td class=\"has-text-align-center\" data-align=\"center\">18:31<\/td><\/tr><tr><td>Octobre<\/td><td class=\"has-text-align-center\" data-align=\"center\">06:10<\/td><td class=\"has-text-align-center\" data-align=\"center\">17:45<\/td><td class=\"has-text-align-center\" data-align=\"center\">06:12<\/td><td class=\"has-text-align-center\" data-align=\"center\">17:47<\/td><td class=\"has-text-align-center\" data-align=\"center\">06:21<\/td><td class=\"has-text-align-center\" data-align=\"center\">17:51<\/td><\/tr><tr><td>Novembre<\/td><td class=\"has-text-align-center\" data-align=\"center\">06:40<\/td><td class=\"has-text-align-center\" data-align=\"center\">17:10<\/td><td class=\"has-text-align-center\" data-align=\"center\">06:42<\/td><td class=\"has-text-align-center\" data-align=\"center\">17:12<\/td><td class=\"has-text-align-center\" data-align=\"center\">06:51<\/td><td class=\"has-text-align-center\" data-align=\"center\">17:21<\/td><\/tr><tr><td>D\u00e9cembre<\/td><td class=\"has-text-align-center\" data-align=\"center\">07:05<\/td><td class=\"has-text-align-center\" data-align=\"center\">16:55<\/td><td class=\"has-text-align-center\" data-align=\"center\">07:07<\/td><td class=\"has-text-align-center\" data-align=\"center\">16:57<\/td><td class=\"has-text-align-center\" data-align=\"center\">07:21<\/td><td class=\"has-text-align-center\" data-align=\"center\">17:01<\/td><\/tr><\/tbody><\/table><\/figure>\n\n\n\n<p>Si vous pr\u00e9voyez une randonn\u00e9e sur l&rsquo;Etna, consultez toujours les pr\u00e9visions m\u00e9t\u00e9orologiques au pr\u00e9alable. Si vous envisagez une randonn\u00e9e en haute altitude, assurez-vous d&rsquo;avoir des v\u00eatements adapt\u00e9s. (Vous pouvez louer une veste d&rsquo;hiver dans les boutiques de souvenirs.)  <\/p>\n\n\n\n<ul class=\"wp-block-list\">\n<li>Diff\u00e9rences g\u00e9ographiques&nbsp;: Les horaires pour Palerme sont l\u00e9g\u00e8rement diff\u00e9rents en raison de sa situation plus \u00e0 l\u2019ouest que l\u2019Etna et Taormina.<\/li>\n\n\n\n<li>M\u00e9t\u00e9o : La situation c\u00f4ti\u00e8re de Palerme offre souvent un ciel plus d\u00e9gag\u00e9 au lever et au coucher du soleil.<\/li>\n\n\n\n<li>Variations saisonni\u00e8res&nbsp;: Les d\u00e9lais indiqu\u00e9s sont des moyennes mensuelles et peuvent varier l\u00e9g\u00e8rement d\u2019une ann\u00e9e \u00e0 l\u2019autre en raison des ann\u00e9es bissextiles et d\u2019autres facteurs.<\/li>\n<\/ul>\n\n\n\n<p><strong>Conseils pour une exp\u00e9rience inoubliable<\/strong><\/p>\n\n\n\n<ul class=\"wp-block-list\">\n<li>Arrivez t\u00f4t&nbsp;: pour admirer le lever du soleil, essayez d\u2019arriver au moins 30 minutes avant l\u2019heure pr\u00e9vue afin de trouver le meilleur emplacement et de profiter des couleurs changeantes du ciel.<\/li>\n\n\n\n<li>Photographie : Apportez un tr\u00e9pied pour prendre de magnifiques photos \u00e0 longue exposition du ciel et du paysage volcanique.<\/li>\n\n\n\n<li>Restez apr\u00e8s le coucher du soleil&nbsp;: la lumi\u00e8re du cr\u00e9puscule rend souvent le paysage encore plus \u00e9vocateur, offrant une autre occasion de prendre de splendides photos.<\/li>\n<\/ul>\n\n\n\n<div class=\"wp-block-columns is-layout-flex wp-container-core-columns-is-layout-9d6595d7 wp-block-columns-is-layout-flex\">\n<div class=\"wp-block-column is-layout-flow wp-block-column-is-layout-flow\">\n<figure class=\"wp-block-image size-large\"><img loading=\"lazy\" decoding=\"async\" width=\"2400\" height=\"1800\" src=\"https:\/\/pianoprovenzana.it\/wp-content\/uploads\/2024\/06\/crateri-sommitali-tramonto-etna-2400x1800.jpg\" alt=\"Crat\u00e8res sommitaux au coucher du soleil sur l&#039;Etna\" class=\"wp-image-8828\" title=\"\" srcset=\"https:\/\/pianoprovenzana.it\/wp-content\/uploads\/2024\/06\/crateri-sommitali-tramonto-etna-2400x1800.jpg 2400w, https:\/\/pianoprovenzana.it\/wp-content\/uploads\/2024\/06\/crateri-sommitali-tramonto-etna-300x225.jpg 300w, https:\/\/pianoprovenzana.it\/wp-content\/uploads\/2024\/06\/crateri-sommitali-tramonto-etna-768x576.jpg 768w, https:\/\/pianoprovenzana.it\/wp-content\/uploads\/2024\/06\/crateri-sommitali-tramonto-etna-1536x1152.jpg 1536w, https:\/\/pianoprovenzana.it\/wp-content\/uploads\/2024\/06\/crateri-sommitali-tramonto-etna-2048x1536.jpg 2048w, https:\/\/pianoprovenzana.it\/wp-content\/uploads\/2024\/06\/crateri-sommitali-tramonto-etna-1200x900.jpg 1200w\" sizes=\"auto, (max-width: 2400px) 100vw, 2400px\" \/><\/figure>\n<\/div>\n\n\n\n<div class=\"wp-block-column is-layout-flow wp-block-column-is-layout-flow\">\n<figure class=\"wp-block-image size-large\"><img loading=\"lazy\" decoding=\"async\" width=\"2400\" height=\"1800\" src=\"https:\/\/pianoprovenzana.it\/wp-content\/uploads\/2023\/01\/alba-etna-nord-2400x1800.jpg\" alt=\"Alba Etna Nord\" class=\"wp-image-6847\" title=\"\" srcset=\"https:\/\/pianoprovenzana.it\/wp-content\/uploads\/2023\/01\/alba-etna-nord-2400x1800.jpg 2400w, https:\/\/pianoprovenzana.it\/wp-content\/uploads\/2023\/01\/alba-etna-nord-300x225.jpg 300w, https:\/\/pianoprovenzana.it\/wp-content\/uploads\/2023\/01\/alba-etna-nord-768x576.jpg 768w, https:\/\/pianoprovenzana.it\/wp-content\/uploads\/2023\/01\/alba-etna-nord-1536x1152.jpg 1536w, https:\/\/pianoprovenzana.it\/wp-content\/uploads\/2023\/01\/alba-etna-nord-2048x1536.jpg 2048w, https:\/\/pianoprovenzana.it\/wp-content\/uploads\/2023\/01\/alba-etna-nord-1200x900.jpg 1200w\" sizes=\"auto, (max-width: 2400px) 100vw, 2400px\" \/><\/figure>\n<\/div>\n<\/div>\n\n\n\n<p><strong>Saviez-vous?<\/strong><\/p>\n\n\n\n<p>Les conditions d&rsquo;\u00e9clairage au lever et au coucher du soleil sont id\u00e9ales pour observer les panaches volcaniques de l&rsquo;Etna et, lorsque le volcan est actif, les coul\u00e9es de lave. Les habitants appellent souvent le coucher de soleil sur l&rsquo;Etna \u00ab&nbsp;les adieux dor\u00e9s&nbsp;\u00bb, une fa\u00e7on po\u00e9tique de d\u00e9crire la transformation quotidienne du volcan en fin de journ\u00e9e. <\/p>\n\n\n\n<p>Consultez notre webcam en direct et les pr\u00e9visions m\u00e9t\u00e9o pour profiter des meilleures conditions. R\u00e9servez une excursion guid\u00e9e pour explorer l&rsquo;Etna en toute s\u00e9curit\u00e9 et admirer un lever ou un coucher de soleil sur le volcan. <\/p>\n\n\n<div id=\"reference-cards-block_b06c77ebb57cddd12f8e540d0d99f320\" class=\"reference-cards-block\"><div class=\"reference-cards-grid\"><a class=\"reference-card\" href=\"https:\/\/pianoprovenzana.it\/meteo-e-webcam\/meteo\/\"><div class=\"reference-card__image-wrap\"><img decoding=\"async\" width=\"1024\" height=\"326\" src=\"https:\/\/pianoprovenzana.it\/wp-content\/uploads\/2020\/12\/autunno-piano-provenzana-1024x326.jpg\" class=\"reference-card__image\" alt=\"Meteo\" loading=\"lazy\" srcset=\"https:\/\/pianoprovenzana.it\/wp-content\/uploads\/2020\/12\/autunno-piano-provenzana-1024x326.jpg 1024w, https:\/\/pianoprovenzana.it\/wp-content\/uploads\/2020\/12\/autunno-piano-provenzana-300x96.jpg 300w, https:\/\/pianoprovenzana.it\/wp-content\/uploads\/2020\/12\/autunno-piano-provenzana-768x244.jpg 768w, https:\/\/pianoprovenzana.it\/wp-content\/uploads\/2020\/12\/autunno-piano-provenzana-1536x489.jpg 1536w, https:\/\/pianoprovenzana.it\/wp-content\/uploads\/2020\/12\/autunno-piano-provenzana-2048x652.jpg 2048w, https:\/\/pianoprovenzana.it\/wp-content\/uploads\/2020\/12\/autunno-piano-provenzana-1200x382.jpg 1200w\" sizes=\"auto, (max-width: 1024px) 100vw, 1024px\" title=\"\"><\/div><div class=\"reference-card__content\"><h3 class=\"reference-card__title\">Meteo<\/h3><div class=\"reference-card__description\">Consultez la m\u00e9t\u00e9o sur l&rsquo;Etna en temps r\u00e9el et les pr\u00e9visions pour les prochains jours.<\/div><div class=\"reference-card__button-text\">En savoir plus<\/div><\/div><\/a><a class=\"reference-card\" href=\"https:\/\/pianoprovenzana.it\/meteo-e-webcam\/attivita-dell-etna-in-tempo-reale\/\"><div class=\"reference-card__image-wrap\"><img decoding=\"async\" width=\"2400\" height=\"1800\" src=\"https:\/\/pianoprovenzana.it\/wp-content\/uploads\/2021\/03\/eruzione-lava-cenere-etna-16-02-2021-2400x1800.jpg\" class=\"reference-card__image\" alt=\"Attivit\u00e0 dell\u2019Etna in tempo reale\" loading=\"lazy\" srcset=\"https:\/\/pianoprovenzana.it\/wp-content\/uploads\/2021\/03\/eruzione-lava-cenere-etna-16-02-2021-2400x1800.jpg 2400w, https:\/\/pianoprovenzana.it\/wp-content\/uploads\/2021\/03\/eruzione-lava-cenere-etna-16-02-2021-300x225.jpg 300w, https:\/\/pianoprovenzana.it\/wp-content\/uploads\/2021\/03\/eruzione-lava-cenere-etna-16-02-2021-768x576.jpg 768w, https:\/\/pianoprovenzana.it\/wp-content\/uploads\/2021\/03\/eruzione-lava-cenere-etna-16-02-2021-1536x1152.jpg 1536w, https:\/\/pianoprovenzana.it\/wp-content\/uploads\/2021\/03\/eruzione-lava-cenere-etna-16-02-2021-2048x1536.jpg 2048w, https:\/\/pianoprovenzana.it\/wp-content\/uploads\/2021\/03\/eruzione-lava-cenere-etna-16-02-2021-1200x900.jpg 1200w\" sizes=\"auto, (max-width: 2400px) 100vw, 2400px\" title=\"\"><\/div><div class=\"reference-card__content\"><h3 class=\"reference-card__title\">Attivit\u00e0 dell\u2019Etna in tempo reale<\/h3><div class=\"reference-card__description\">Suivez l&rsquo;activit\u00e9 de l&rsquo;Etna en temps r\u00e9el et d\u00e9couvrez si le volcan est actif.<\/div><div class=\"reference-card__button-text\">En savoir plus<\/div><\/div><\/a><a class=\"reference-card\" href=\"https:\/\/pianoprovenzana.it\/meteo-e-webcam\/temperatura-sull-etna\/\"><div class=\"reference-card__image-wrap\"><img decoding=\"async\" width=\"1600\" height=\"720\" src=\"https:\/\/pianoprovenzana.it\/wp-content\/uploads\/2024\/04\/anelli-etna-top-cratere-summit-carmelo.jpeg\" class=\"reference-card__image\" alt=\"Temperatura sull\u2019Etna\" loading=\"lazy\" srcset=\"https:\/\/pianoprovenzana.it\/wp-content\/uploads\/2024\/04\/anelli-etna-top-cratere-summit-carmelo.jpeg 1600w, https:\/\/pianoprovenzana.it\/wp-content\/uploads\/2024\/04\/anelli-etna-top-cratere-summit-carmelo-300x135.jpeg 300w, https:\/\/pianoprovenzana.it\/wp-content\/uploads\/2024\/04\/anelli-etna-top-cratere-summit-carmelo-768x346.jpeg 768w, https:\/\/pianoprovenzana.it\/wp-content\/uploads\/2024\/04\/anelli-etna-top-cratere-summit-carmelo-1536x691.jpeg 1536w, https:\/\/pianoprovenzana.it\/wp-content\/uploads\/2024\/04\/anelli-etna-top-cratere-summit-carmelo-1200x540.jpeg 1200w\" sizes=\"auto, (max-width: 1600px) 100vw, 1600px\" title=\"\"><\/div><div class=\"reference-card__content\"><h3 class=\"reference-card__title\">Temperatura sull\u2019Etna<\/h3><div class=\"reference-card__description\">D\u00e9couvrez les temp\u00e9ratures sur l&rsquo;Etna tout au long de l&rsquo;ann\u00e9e et les diff\u00e9rences entre le volcan et la c\u00f4te sicilienne.<\/div><div class=\"reference-card__button-text\">En savoir plus<\/div><\/div><\/a><\/div><\/div>","protected":false},"excerpt":{"rendered":"<p>Lever et coucher de soleil sur l&rsquo;Etna L&rsquo;Etna, avec ses paysages changeants et ses formations volcaniques spectaculaires, offre certains des levers et couchers de soleil les plus \u00e9poustouflants au monde. Que vous soyez un l\u00e8ve-t\u00f4t impatient d&rsquo;admirer les premiers rayons du soleil ou un romantique en qu\u00eate des chaudes teintes dor\u00e9es du cr\u00e9puscule, une exp\u00e9rience [&hellip;]<\/p>\n","protected":false},"author":2,"featured_media":11570,"parent":11600,"menu_order":0,"comment_status":"closed","ping_status":"closed","template":"","meta":{"_acf_changed":false,"footnotes":""},"class_list":["post-11611","page","type-page","status-publish","has-post-thumbnail","hentry"],"acf":[],"_links":{"self":[{"href":"https:\/\/pianoprovenzana.it\/fr\/wp-json\/wp\/v2\/pages\/11611","targetHints":{"allow":["GET"]}}],"collection":[{"href":"https:\/\/pianoprovenzana.it\/fr\/wp-json\/wp\/v2\/pages"}],"about":[{"href":"https:\/\/pianoprovenzana.it\/fr\/wp-json\/wp\/v2\/types\/page"}],"author":[{"embeddable":true,"href":"https:\/\/pianoprovenzana.it\/fr\/wp-json\/wp\/v2\/users\/2"}],"replies":[{"embeddable":true,"href":"https:\/\/pianoprovenzana.it\/fr\/wp-json\/wp\/v2\/comments?post=11611"}],"version-history":[{"count":3,"href":"https:\/\/pianoprovenzana.it\/fr\/wp-json\/wp\/v2\/pages\/11611\/revisions"}],"predecessor-version":[{"id":13316,"href":"https:\/\/pianoprovenzana.it\/fr\/wp-json\/wp\/v2\/pages\/11611\/revisions\/13316"}],"up":[{"embeddable":true,"href":"https:\/\/pianoprovenzana.it\/fr\/wp-json\/wp\/v2\/pages\/11600"}],"wp:featuredmedia":[{"embeddable":true,"href":"https:\/\/pianoprovenzana.it\/fr\/wp-json\/wp\/v2\/media\/11570"}],"wp:attachment":[{"href":"https:\/\/pianoprovenzana.it\/fr\/wp-json\/wp\/v2\/media?parent=11611"}],"curies":[{"name":"wp","href":"https:\/\/api.w.org\/{rel}","templated":true}]}}