{"id":12559,"date":"2025-06-01T20:49:47","date_gmt":"2025-06-01T18:49:47","guid":{"rendered":"https:\/\/pianoprovenzana.it\/degustation-de-vins-de-letna-visite-du-vignoble-domaine-viticole-du-sud-de-letna\/"},"modified":"2026-04-01T22:11:31","modified_gmt":"2026-04-01T20:11:31","slug":"degustation-vins-etna-sud-pedara","status":"publish","type":"page","link":"https:\/\/pianoprovenzana.it\/fr\/excursions-etna\/degustation-vins-etna-sud-pedara\/","title":{"rendered":"D\u00e9gustation de vins de l\u2019Etna Sud \u00e0 Pedara avec visite du vignoble et du palmento"},"content":{"rendered":"\n<h2 class=\"wp-block-heading\"><strong>FAQ<\/strong><\/h2>\n\n\n<div id=\"rank-math-faq\" class=\"rank-math-block\">\n<div class=\"rank-math-list \">\n<div id=\"faq-question-1772880972471\" class=\"rank-math-list-item\">\n<h3 class=\"rank-math-question \">1. Quels vins de l&rsquo;Etna seront d\u00e9gust\u00e9s durant cette exp\u00e9rience ?<\/h3>\n<div class=\"rank-math-answer \">\n\n<p>Lors de la d\u00e9gustation, vous d\u00e9couvrirez une s\u00e9lection de vins de l&rsquo;Etna, g\u00e9n\u00e9ralement un rouge, un ros\u00e9 et un blanc, suivis d&rsquo;un vin doux. Ces vins proviennent du domaine et repr\u00e9sentent les caract\u00e9ristiques typiques des vins d&rsquo;Etna DOC, produits sur un sol volcanique. <\/p>\n\n<\/div>\n<\/div>\n<div id=\"faq-question-1772884088522\" class=\"rank-math-list-item\">\n<h3 class=\"rank-math-question \">2. Pourquoi les vins de l&rsquo;Etna sont-ils si sp\u00e9ciaux ?<\/h3>\n<div class=\"rank-math-answer \">\n\n<p>Les vins de l&rsquo;Etna sont produits sur un sol volcanique riche en min\u00e9raux. Ce sol, combin\u00e9 \u00e0 l&rsquo;altitude et au climat de l&rsquo;Etna, conf\u00e8re aux vins des ar\u00f4mes intenses, une grande fra\u00eecheur et une forte identit\u00e9 territoriale. C&rsquo;est pourquoi les vins de l&rsquo;Etna figurent aujourd&rsquo;hui parmi les plus r\u00e9put\u00e9s de Sicile.  <\/p>\n\n<\/div>\n<\/div>\n<div id=\"faq-question-1772884119467\" class=\"rank-math-list-item\">\n<h3 class=\"rank-math-question \">3. La d\u00e9gustation a-t-elle lieu \u00e0 l&rsquo;int\u00e9rieur ou \u00e0 l&rsquo;ext\u00e9rieur&nbsp;?<\/h3>\n<div class=\"rank-math-answer \">\n\n<p>Les visites des vignobles et des chais se d\u00e9roulent en ext\u00e9rieur. Les d\u00e9gustations ont g\u00e9n\u00e9ralement lieu dans la salle de d\u00e9gustation du domaine, mais durant les beaux jours, il est souvent possible de d\u00e9guster des vins en plein air, au milieu des vignes ou dans les espaces ext\u00e9rieurs du domaine.<br \/> En cas de mauvais temps, certaines parties de l&rsquo;exp\u00e9rience pourront \u00eatre adapt\u00e9es et la d\u00e9gustation aura lieu \u00e0 l&rsquo;int\u00e9rieur. <\/p>\n\n<\/div>\n<\/div>\n<div id=\"faq-question-1772884183272\" class=\"rank-math-list-item\">\n<h3 class=\"rank-math-question \">4. Est-il possible d&rsquo;acheter du vin directement aupr\u00e8s du domaine viticole ?<\/h3>\n<div class=\"rank-math-answer \">\n\n<p>Oui. Apr\u00e8s la d\u00e9gustation, vous pouvez g\u00e9n\u00e9ralement acheter les vins du domaine directement sur place, si vous souhaitez emporter un souvenir de votre exp\u00e9rience sur l&rsquo;Etna. <\/p>\n\n<\/div>\n<\/div>\n<div id=\"faq-question-1772884193846\" class=\"rank-math-list-item\">\n<h3 class=\"rank-math-question \">5. Est-il possible de combiner la d\u00e9gustation avec une visite de l&rsquo;Etna ?<\/h3>\n<div class=\"rank-math-answer \">\n\n<p>Oui, de nombreux visiteurs choisissent de combiner cette d\u00e9gustation avec une randonn\u00e9e sur l&rsquo;Etna, par exemple sur le versant sud pr\u00e8s du refuge Sapienza ou sur le versant nord \u00e0 Piano Provenzana. Le domaine viticole se situe \u00e0 environ 25 minutes des pentes sud de l&rsquo;Etna. <\/p>\n\n<\/div>\n<\/div>\n<div id=\"faq-question-1772884241516\" class=\"rank-math-list-item\">\n<h3 class=\"rank-math-question \">6. \u00c0 quelle distance se trouve le domaine viticole des principales zones de l&rsquo;Etna ?<\/h3>\n<div class=\"rank-math-answer \">\n\n<p>\u2022 Refuge Sapienza \u2192 environ 25 minutes<br \/> \u2022 Piano proven\u00e7al \u2192 environ 55 minutes<\/p>\n\n<\/div>\n<\/div>\n<\/div>\n<\/div>\n\n\n<!--nextpage-->\n\n\n\n<h2 class=\"wp-block-heading\"><strong>Une exp\u00e9rience authentique au pied de l&rsquo;Etna<\/strong><\/h2>\n\n\n\n<p>D\u00e9couvrez les saveurs authentiques de l&rsquo;Etna lors d&rsquo;une d\u00e9gustation dans un domaine viticole familial situ\u00e9 sur le versant sud du volcan. Cette exp\u00e9rience vous fera d\u00e9couvrir le vignoble, le traditionnel \u00ab&nbsp;palmento&nbsp;\u00bb (pressoir \u00e0 raisins ancestral) et, bien s\u00fbr\u2026 les vins&nbsp;! <\/p>\n\n\n\n<p><mark style=\"background-color:rgba(0, 0, 0, 0)\" class=\"has-inline-color has-vivid-green-cyan-color\">\u2714<\/mark> 3 vins + vin de dessert inclus<br> <mark style=\"background-color:rgba(0, 0, 0, 0)\" class=\"has-inline-color has-vivid-green-cyan-color\">\u2714<\/mark> Visite du vignoble incluse<br> <mark style=\"background-color:rgba(0, 0, 0, 0)\" class=\"has-inline-color has-vivid-green-cyan-color\">\u2714<\/mark> Visite du domaine viticole authentique incluse<\/p>\n\n\n\n<h2 class=\"wp-block-heading\">Description de la d\u00e9gustation de vins de l&rsquo;Etna et de la visite du vignoble<\/h2>\n\n\n\n<p>D\u00e9couvrez la magie de cette d\u00e9gustation de vins sur l&rsquo;Etna&nbsp;! L&rsquo;aventure commence au palmento historique, se poursuit \u00e0 travers les vignobles enchanteurs et s&rsquo;ach\u00e8ve dans un chaleureux caveau de d\u00e9gustation. La dur\u00e9e de la visite est flexible et s&rsquo;adapte \u00e0 vos envies et \u00e0 votre curiosit\u00e9.  <\/p>\n\n\n\n<div class=\"wp-block-columns is-layout-flex wp-container-core-columns-is-layout-9d6595d7 wp-block-columns-is-layout-flex\">\n<div class=\"wp-block-column is-layout-flow wp-block-column-is-layout-flow\">\n<figure class=\"wp-block-image size-large\"><img loading=\"lazy\" decoding=\"async\" width=\"1800\" height=\"2400\" src=\"https:\/\/pianoprovenzana.it\/wp-content\/uploads\/2025\/06\/cincin-degustazione-vino-pedara-mondifeso-1800x2400.jpg\" alt=\"\" class=\"wp-image-9512\" title=\"\" srcset=\"https:\/\/pianoprovenzana.it\/wp-content\/uploads\/2025\/06\/cincin-degustazione-vino-pedara-mondifeso-1800x2400.jpg 1800w, https:\/\/pianoprovenzana.it\/wp-content\/uploads\/2025\/06\/cincin-degustazione-vino-pedara-mondifeso-225x300.jpg 225w, https:\/\/pianoprovenzana.it\/wp-content\/uploads\/2025\/06\/cincin-degustazione-vino-pedara-mondifeso-768x1024.jpg 768w, https:\/\/pianoprovenzana.it\/wp-content\/uploads\/2025\/06\/cincin-degustazione-vino-pedara-mondifeso-1152x1536.jpg 1152w, https:\/\/pianoprovenzana.it\/wp-content\/uploads\/2025\/06\/cincin-degustazione-vino-pedara-mondifeso-1536x2048.jpg 1536w, https:\/\/pianoprovenzana.it\/wp-content\/uploads\/2025\/06\/cincin-degustazione-vino-pedara-mondifeso-1200x1600.jpg 1200w, https:\/\/pianoprovenzana.it\/wp-content\/uploads\/2025\/06\/cincin-degustazione-vino-pedara-mondifeso-1320x1760.jpg 1320w, https:\/\/pianoprovenzana.it\/wp-content\/uploads\/2025\/06\/cincin-degustazione-vino-pedara-mondifeso-600x800.jpg 600w, https:\/\/pianoprovenzana.it\/wp-content\/uploads\/2025\/06\/cincin-degustazione-vino-pedara-mondifeso-scaled.jpg 1920w\" sizes=\"auto, (max-width: 1800px) 100vw, 1800px\" \/><\/figure>\n<\/div>\n\n\n\n<div class=\"wp-block-column is-layout-flow wp-block-column-is-layout-flow\">\n<figure class=\"wp-block-image size-large\"><img loading=\"lazy\" decoding=\"async\" width=\"1800\" height=\"2400\" src=\"https:\/\/pianoprovenzana.it\/wp-content\/uploads\/2025\/06\/formaggio-affettato-degustazione-di-vino-pedara-1800x2400.jpg\" alt=\"\" class=\"wp-image-9517\" title=\"\" srcset=\"https:\/\/pianoprovenzana.it\/wp-content\/uploads\/2025\/06\/formaggio-affettato-degustazione-di-vino-pedara-1800x2400.jpg 1800w, https:\/\/pianoprovenzana.it\/wp-content\/uploads\/2025\/06\/formaggio-affettato-degustazione-di-vino-pedara-225x300.jpg 225w, https:\/\/pianoprovenzana.it\/wp-content\/uploads\/2025\/06\/formaggio-affettato-degustazione-di-vino-pedara-768x1024.jpg 768w, https:\/\/pianoprovenzana.it\/wp-content\/uploads\/2025\/06\/formaggio-affettato-degustazione-di-vino-pedara-1152x1536.jpg 1152w, https:\/\/pianoprovenzana.it\/wp-content\/uploads\/2025\/06\/formaggio-affettato-degustazione-di-vino-pedara-1536x2048.jpg 1536w, https:\/\/pianoprovenzana.it\/wp-content\/uploads\/2025\/06\/formaggio-affettato-degustazione-di-vino-pedara-1200x1600.jpg 1200w, https:\/\/pianoprovenzana.it\/wp-content\/uploads\/2025\/06\/formaggio-affettato-degustazione-di-vino-pedara-1320x1760.jpg 1320w, https:\/\/pianoprovenzana.it\/wp-content\/uploads\/2025\/06\/formaggio-affettato-degustazione-di-vino-pedara-600x800.jpg 600w, https:\/\/pianoprovenzana.it\/wp-content\/uploads\/2025\/06\/formaggio-affettato-degustazione-di-vino-pedara-scaled.jpg 1920w\" sizes=\"auto, (max-width: 1800px) 100vw, 1800px\" \/><\/figure>\n<\/div>\n<\/div>\n\n\n\n<figure class=\"wp-block-image size-large\"><img loading=\"lazy\" decoding=\"async\" width=\"2400\" height=\"1800\" src=\"https:\/\/pianoprovenzana.it\/wp-content\/uploads\/2025\/06\/vino-botte-degustazione-pedara-mondifeso-2400x1800.jpg\" alt=\"\" class=\"wp-image-9523\" title=\"\" srcset=\"https:\/\/pianoprovenzana.it\/wp-content\/uploads\/2025\/06\/vino-botte-degustazione-pedara-mondifeso-2400x1800.jpg 2400w, https:\/\/pianoprovenzana.it\/wp-content\/uploads\/2025\/06\/vino-botte-degustazione-pedara-mondifeso-300x225.jpg 300w, https:\/\/pianoprovenzana.it\/wp-content\/uploads\/2025\/06\/vino-botte-degustazione-pedara-mondifeso-768x576.jpg 768w, https:\/\/pianoprovenzana.it\/wp-content\/uploads\/2025\/06\/vino-botte-degustazione-pedara-mondifeso-1536x1152.jpg 1536w, https:\/\/pianoprovenzana.it\/wp-content\/uploads\/2025\/06\/vino-botte-degustazione-pedara-mondifeso-2048x1536.jpg 2048w, https:\/\/pianoprovenzana.it\/wp-content\/uploads\/2025\/06\/vino-botte-degustazione-pedara-mondifeso-1200x900.jpg 1200w, https:\/\/pianoprovenzana.it\/wp-content\/uploads\/2025\/06\/vino-botte-degustazione-pedara-mondifeso-1320x990.jpg 1320w, https:\/\/pianoprovenzana.it\/wp-content\/uploads\/2025\/06\/vino-botte-degustazione-pedara-mondifeso-600x450.jpg 600w\" sizes=\"auto, (max-width: 2400px) 100vw, 2400px\" \/><\/figure>\n\n\n\n<p>Laissez-vous emporter par votre passion pour le vin et d\u00e9couvrez les secrets de traditions s\u00e9culaires et de techniques modernes. Le domaine est ravi de partager son histoire et son savoir-faire sur les caract\u00e9ristiques uniques des vins de l&rsquo;Etna et son paysage exceptionnel. <\/p>\n\n\n\n<p>La d\u00e9gustation comprend une s\u00e9lection de trois vins diff\u00e9rents&nbsp;: rouge, ros\u00e9 et blanc. Et si vous souhaitez en go\u00fbter d\u2019autres, aucun probl\u00e8me. Le plaisir est primordial&nbsp;!  <\/p>\n\n\n\n<p>De plus, vous savourerez de d\u00e9licieuses sp\u00e9cialit\u00e9s locales, dont 3 charcuteries et fromages artisanaux, des fruits frais, des olives, des bruschettas et bien plus encore. Des options v\u00e9g\u00e9taliennes sont \u00e9galement disponibles sans suppl\u00e9ment, pour que chacun puisse profiter de cette exp\u00e9rience gastronomique ! (Veuillez le pr\u00e9ciser lors de votre r\u00e9servation.)  <\/p>\n\n\n\n<p>D\u00e9couvrez avec nous les saveurs de l&rsquo;Etna, o\u00f9 chaque gorg\u00e9e raconte une histoire et chaque plat rend hommage aux traditions siciliennes. R\u00e9servez d\u00e8s maintenant et laissez-nous vous accueillir dans un univers de saveurs (de vin) et de traditions (de vin) ! <\/p>\n\n\n\n<div class=\"wp-block-columns is-layout-flex wp-container-core-columns-is-layout-9d6595d7 wp-block-columns-is-layout-flex\">\n<div class=\"wp-block-column is-layout-flow wp-block-column-is-layout-flow\">\n<figure class=\"wp-block-image size-large\"><img loading=\"lazy\" decoding=\"async\" width=\"2400\" height=\"1800\" src=\"https:\/\/pianoprovenzana.it\/wp-content\/uploads\/2025\/06\/degustazione-antipasti-pane-olio-formaggi-2400x1800.jpg\" alt=\"\" class=\"wp-image-9513\" title=\"\" srcset=\"https:\/\/pianoprovenzana.it\/wp-content\/uploads\/2025\/06\/degustazione-antipasti-pane-olio-formaggi-2400x1800.jpg 2400w, https:\/\/pianoprovenzana.it\/wp-content\/uploads\/2025\/06\/degustazione-antipasti-pane-olio-formaggi-300x225.jpg 300w, https:\/\/pianoprovenzana.it\/wp-content\/uploads\/2025\/06\/degustazione-antipasti-pane-olio-formaggi-768x576.jpg 768w, https:\/\/pianoprovenzana.it\/wp-content\/uploads\/2025\/06\/degustazione-antipasti-pane-olio-formaggi-1536x1152.jpg 1536w, https:\/\/pianoprovenzana.it\/wp-content\/uploads\/2025\/06\/degustazione-antipasti-pane-olio-formaggi-2048x1536.jpg 2048w, https:\/\/pianoprovenzana.it\/wp-content\/uploads\/2025\/06\/degustazione-antipasti-pane-olio-formaggi-1200x900.jpg 1200w, https:\/\/pianoprovenzana.it\/wp-content\/uploads\/2025\/06\/degustazione-antipasti-pane-olio-formaggi-1320x990.jpg 1320w, https:\/\/pianoprovenzana.it\/wp-content\/uploads\/2025\/06\/degustazione-antipasti-pane-olio-formaggi-600x450.jpg 600w\" sizes=\"auto, (max-width: 2400px) 100vw, 2400px\" \/><\/figure>\n<\/div>\n\n\n\n<div class=\"wp-block-column is-layout-flow wp-block-column-is-layout-flow\">\n<figure class=\"wp-block-image size-large\"><img loading=\"lazy\" decoding=\"async\" width=\"2400\" height=\"1800\" src=\"https:\/\/pianoprovenzana.it\/wp-content\/uploads\/2025\/06\/bottiglia-vino-mondifeso-antipasti-degustazione-2400x1800.jpg\" alt=\"\" class=\"wp-image-9510\" title=\"\" srcset=\"https:\/\/pianoprovenzana.it\/wp-content\/uploads\/2025\/06\/bottiglia-vino-mondifeso-antipasti-degustazione-2400x1800.jpg 2400w, https:\/\/pianoprovenzana.it\/wp-content\/uploads\/2025\/06\/bottiglia-vino-mondifeso-antipasti-degustazione-300x225.jpg 300w, https:\/\/pianoprovenzana.it\/wp-content\/uploads\/2025\/06\/bottiglia-vino-mondifeso-antipasti-degustazione-768x576.jpg 768w, https:\/\/pianoprovenzana.it\/wp-content\/uploads\/2025\/06\/bottiglia-vino-mondifeso-antipasti-degustazione-1536x1152.jpg 1536w, https:\/\/pianoprovenzana.it\/wp-content\/uploads\/2025\/06\/bottiglia-vino-mondifeso-antipasti-degustazione-2048x1536.jpg 2048w, https:\/\/pianoprovenzana.it\/wp-content\/uploads\/2025\/06\/bottiglia-vino-mondifeso-antipasti-degustazione-1200x900.jpg 1200w, https:\/\/pianoprovenzana.it\/wp-content\/uploads\/2025\/06\/bottiglia-vino-mondifeso-antipasti-degustazione-1320x990.jpg 1320w, https:\/\/pianoprovenzana.it\/wp-content\/uploads\/2025\/06\/bottiglia-vino-mondifeso-antipasti-degustazione-600x450.jpg 600w\" sizes=\"auto, (max-width: 2400px) 100vw, 2400px\" \/><\/figure>\n<\/div>\n<\/div>\n\n\n\n<div class=\"wp-block-columns is-layout-flex wp-container-core-columns-is-layout-9d6595d7 wp-block-columns-is-layout-flex\">\n<div class=\"wp-block-column is-layout-flow wp-block-column-is-layout-flow\">\n<figure class=\"wp-block-image size-large\"><img loading=\"lazy\" decoding=\"async\" width=\"1800\" height=\"2400\" src=\"https:\/\/pianoprovenzana.it\/wp-content\/uploads\/2025\/06\/antipasti-degustazione-pedara-mondifeso-1800x2400.jpg\" alt=\"\" class=\"wp-image-9505\" title=\"\" srcset=\"https:\/\/pianoprovenzana.it\/wp-content\/uploads\/2025\/06\/antipasti-degustazione-pedara-mondifeso-1800x2400.jpg 1800w, https:\/\/pianoprovenzana.it\/wp-content\/uploads\/2025\/06\/antipasti-degustazione-pedara-mondifeso-225x300.jpg 225w, https:\/\/pianoprovenzana.it\/wp-content\/uploads\/2025\/06\/antipasti-degustazione-pedara-mondifeso-768x1024.jpg 768w, https:\/\/pianoprovenzana.it\/wp-content\/uploads\/2025\/06\/antipasti-degustazione-pedara-mondifeso-1152x1536.jpg 1152w, https:\/\/pianoprovenzana.it\/wp-content\/uploads\/2025\/06\/antipasti-degustazione-pedara-mondifeso-1536x2048.jpg 1536w, https:\/\/pianoprovenzana.it\/wp-content\/uploads\/2025\/06\/antipasti-degustazione-pedara-mondifeso-1200x1600.jpg 1200w, https:\/\/pianoprovenzana.it\/wp-content\/uploads\/2025\/06\/antipasti-degustazione-pedara-mondifeso-1320x1760.jpg 1320w, https:\/\/pianoprovenzana.it\/wp-content\/uploads\/2025\/06\/antipasti-degustazione-pedara-mondifeso-600x800.jpg 600w, https:\/\/pianoprovenzana.it\/wp-content\/uploads\/2025\/06\/antipasti-degustazione-pedara-mondifeso-scaled.jpg 1920w\" sizes=\"auto, (max-width: 1800px) 100vw, 1800px\" \/><\/figure>\n<\/div>\n\n\n\n<div class=\"wp-block-column is-layout-flow wp-block-column-is-layout-flow\">\n<figure class=\"wp-block-image size-large\"><img loading=\"lazy\" decoding=\"async\" width=\"1800\" height=\"2400\" src=\"https:\/\/pianoprovenzana.it\/wp-content\/uploads\/2025\/06\/botte-di-vino-cantina-degustazione-etna-pedara-1800x2400.jpg\" alt=\"\" class=\"wp-image-9508\" title=\"\" srcset=\"https:\/\/pianoprovenzana.it\/wp-content\/uploads\/2025\/06\/botte-di-vino-cantina-degustazione-etna-pedara-1800x2400.jpg 1800w, https:\/\/pianoprovenzana.it\/wp-content\/uploads\/2025\/06\/botte-di-vino-cantina-degustazione-etna-pedara-225x300.jpg 225w, https:\/\/pianoprovenzana.it\/wp-content\/uploads\/2025\/06\/botte-di-vino-cantina-degustazione-etna-pedara-768x1024.jpg 768w, https:\/\/pianoprovenzana.it\/wp-content\/uploads\/2025\/06\/botte-di-vino-cantina-degustazione-etna-pedara-1152x1536.jpg 1152w, https:\/\/pianoprovenzana.it\/wp-content\/uploads\/2025\/06\/botte-di-vino-cantina-degustazione-etna-pedara-1536x2048.jpg 1536w, https:\/\/pianoprovenzana.it\/wp-content\/uploads\/2025\/06\/botte-di-vino-cantina-degustazione-etna-pedara-1200x1600.jpg 1200w, https:\/\/pianoprovenzana.it\/wp-content\/uploads\/2025\/06\/botte-di-vino-cantina-degustazione-etna-pedara-1320x1760.jpg 1320w, https:\/\/pianoprovenzana.it\/wp-content\/uploads\/2025\/06\/botte-di-vino-cantina-degustazione-etna-pedara-600x800.jpg 600w, https:\/\/pianoprovenzana.it\/wp-content\/uploads\/2025\/06\/botte-di-vino-cantina-degustazione-etna-pedara-scaled.jpg 1920w\" sizes=\"auto, (max-width: 1800px) 100vw, 1800px\" \/><\/figure>\n<\/div>\n<\/div>\n\n\n\n<h3 class=\"wp-block-heading\"><strong>D\u00e9gustation de vins de l&rsquo;Etna + Visite du vignoble&nbsp;: D\u00e9tails<\/strong><\/h3>\n\n\n\n<ul class=\"wp-block-list\">\n<li>Localisation : Pedara (pr\u00e8s de l&rsquo;Etna Sud)<\/li>\n\n\n\n<li>Horaires d&rsquo;ouverture : sur demande<\/li>\n\n\n\n<li>Dur\u00e9e de la d\u00e9gustation de vins et de la visite des vignobles de l&rsquo;Etna : environ 2 heures<\/li>\n<\/ul>\n\n\n\n<p><strong>Qu&rsquo;allez-vous go\u00fbter et manger ?*<\/strong><\/p>\n\n\n\n<p><mark style=\"background-color:rgba(0, 0, 0, 0)\" class=\"has-inline-color has-vivid-green-cyan-color\">\u2714<\/mark> Vin rouge<br><mark style=\"background-color:rgba(0, 0, 0, 0)\" class=\"has-inline-color has-vivid-green-cyan-color\">\u2714<\/mark> Vin ros\u00e9<br><mark style=\"background-color:rgba(0, 0, 0, 0)\" class=\"has-inline-color has-vivid-green-cyan-color\">\u2714<\/mark> Vin blanc<br><mark style=\"background-color:rgba(0, 0, 0, 0)\" class=\"has-inline-color has-vivid-green-cyan-color\">\u2714<\/mark> Vin du d\u00e9sert<br><mark style=\"background-color:rgba(0, 0, 0, 0)\" class=\"has-inline-color has-vivid-green-cyan-color\">\u2714<\/mark> 3 types de charcuterie<br><mark style=\"background-color:rgba(0, 0, 0, 0)\" class=\"has-inline-color has-vivid-green-cyan-color\">\u2714<\/mark> 3 types de fromage<\/p>\n\n\n\n<p><mark style=\"background-color:rgba(0, 0, 0, 0)\" class=\"has-inline-color has-vivid-green-cyan-color\">\u2714<\/mark> Confitures et miel locaux<br><mark style=\"background-color:rgba(0, 0, 0, 0)\" class=\"has-inline-color has-vivid-green-cyan-color\">\u2714<\/mark> Fruits frais<br><mark style=\"background-color:rgba(0, 0, 0, 0)\" class=\"has-inline-color has-vivid-green-cyan-color\">\u2714<\/mark> Olives biologiques<br><mark style=\"background-color:rgba(0, 0, 0, 0)\" class=\"has-inline-color has-vivid-green-cyan-color\">\u2714<\/mark> Bruschetta (pain avec notre propre huile d&rsquo;olive)<br><mark style=\"background-color:rgba(0, 0, 0, 0)\" class=\"has-inline-color has-vivid-green-cyan-color\">\u2714<\/mark> L\u00e9gumes marin\u00e9s artisanaux<br><mark style=\"background-color:rgba(0, 0, 0, 0)\" class=\"has-inline-color has-vivid-green-cyan-color\">\u2714<\/mark> 2 plats v\u00e9g\u00e9taliens de la maison<\/p>\n\n\n\n<p><em>*Veuillez noter que nous utilisons toujours des produits frais et locaux. Par cons\u00e9quent, la s\u00e9lection peut varier selon la p\u00e9riode de l&rsquo;ann\u00e9e\/la saison. <\/em><\/p>\n\n\n\n<h2 class=\"wp-block-heading\">Dur\u00e9e et disponibilit\u00e9<\/h2>\n\n\n\n<p>Les d\u00e9gustations de vin sont propos\u00e9es toute l&rsquo;ann\u00e9e, mais uniquement sur r\u00e9servation. Il est donc n\u00e9cessaire de r\u00e9server au moins un jour \u00e0 l&rsquo;avance (id\u00e9alement plusieurs). Complet&nbsp;!  <\/p>\n\n\n\n<p>Du lundi au dimanche, venez d\u00e9guster ces authentiques vins siciliens de l&rsquo;Etna entre 10h00 et 17h30. Merci d&rsquo;indiquer votre cr\u00e9neau horaire pr\u00e9f\u00e9r\u00e9 lors de votre r\u00e9servation. La d\u00e9gustation est r\u00e9serv\u00e9e aux groupes de deux personnes minimum.  <\/p>\n\n\n\n<h2 class=\"wp-block-heading\">Prix \u200b\u200bde la d\u00e9gustation de vins de l&rsquo;Etna + visite du vignoble<\/h2>\n\n\n\n<p>La d\u00e9gustation de vins de l&rsquo;Etna, incluant la visite des vignobles, co\u00fbte 45 \u20ac par personne. Les enfants de 11 \u00e0 17 ans b\u00e9n\u00e9ficient d&rsquo;un tarif pr\u00e9f\u00e9rentiel de 40 \u20ac et peuvent partager le repas des adultes. Un jus de fruits ou un cocktail de jus de raisin sans alcool leur sera \u00e9galement offert. Les adultes souhaitant participer \u00e0 la d\u00e9gustation de vins sans consommer d&rsquo;alcool peuvent \u00e9galement le faire au m\u00eame tarif et dans les m\u00eames conditions que les enfants&nbsp;: 40 \u20ac par personne.  <\/p>\n\n\n\n<p>Les enfants jusqu&rsquo;\u00e0 10 ans paient 20 \u20ac par enfant. Ils recevront un jus de fruits et une assiette de mozzarella et de prosciutto local. <\/p>\n\n\n\n<ul class=\"wp-block-list\">\n<li>Adultes : 45,00 \u20ac par personne<\/li>\n\n\n\n<li>Jeunes (11-17 ans) : 40,00 \u20ac par personne<\/li>\n\n\n\n<li>Enfants (2-10 ans) : 20,00 \u20ac par personne<\/li>\n\n\n\n<li>Abstentions totales : 40,00 \u20ac par personne<\/li>\n<\/ul>\n\n\n\n<p><mark style=\"background-color:rgba(0, 0, 0, 0)\" class=\"has-inline-color has-vivid-green-cyan-color\">\u2714<\/mark> Aucun paiement anticip\u00e9 <mark style=\"background-color:rgba(0, 0, 0, 0)\" class=\"has-inline-color has-vivid-green-cyan-color\">\u2714<\/mark> Annulation gratuite <mark style=\"background-color:rgba(0, 0, 0, 0)\" class=\"has-inline-color has-vivid-green-cyan-color\">\u2714<\/mark> 100 % de plaisir<\/p>\n\n\n\n<p><strong>Compris<\/strong><br><mark style=\"background-color:rgba(0, 0, 0, 0)\" class=\"has-inline-color has-vivid-green-cyan-color\">\u2714<\/mark> 3 types de vin<br><mark style=\"background-color:rgba(0, 0, 0, 0)\" class=\"has-inline-color has-vivid-green-cyan-color\">\u2714<\/mark> 1 vin de dessert<br><mark style=\"background-color:rgba(0, 0, 0, 0)\" class=\"has-inline-color has-vivid-green-cyan-color\">\u2714<\/mark> Diverses collations locales<br><mark style=\"background-color:rgba(0, 0, 0, 0)\" class=\"has-inline-color has-vivid-green-cyan-color\">\u2714<\/mark> Visite du vignoble<br><mark style=\"background-color:rgba(0, 0, 0, 0)\" class=\"has-inline-color has-vivid-green-cyan-color\">\u2714<\/mark> Visite authentique de Palmento (pers.)<br><mark style=\"background-color:rgba(0, 0, 0, 0)\" class=\"has-inline-color has-vivid-green-cyan-color\">\u2714<\/mark> D\u00e9gustation de vins dans la salle de d\u00e9gustation<\/p>\n\n\n\n<p><strong>Sauf<br><\/strong> Conseil <strong><mark style=\"background-color:rgba(0, 0, 0, 0)\" class=\"has-inline-color has-vivid-red-color\">X<\/mark><\/strong> (non obligatoire)<\/p>\n\n\n\n<div class=\"wp-block-columns is-layout-flex wp-container-core-columns-is-layout-9d6595d7 wp-block-columns-is-layout-flex\">\n<div class=\"wp-block-column is-layout-flow wp-block-column-is-layout-flow\">\n<figure class=\"wp-block-image size-large\"><img loading=\"lazy\" decoding=\"async\" width=\"2400\" height=\"1800\" src=\"https:\/\/pianoprovenzana.it\/wp-content\/uploads\/2025\/06\/vigna-mondifeso-sera-johnny-2400x1800.jpg\" alt=\"\" class=\"wp-image-9521\" title=\"\" srcset=\"https:\/\/pianoprovenzana.it\/wp-content\/uploads\/2025\/06\/vigna-mondifeso-sera-johnny-2400x1800.jpg 2400w, https:\/\/pianoprovenzana.it\/wp-content\/uploads\/2025\/06\/vigna-mondifeso-sera-johnny-300x225.jpg 300w, https:\/\/pianoprovenzana.it\/wp-content\/uploads\/2025\/06\/vigna-mondifeso-sera-johnny-768x576.jpg 768w, https:\/\/pianoprovenzana.it\/wp-content\/uploads\/2025\/06\/vigna-mondifeso-sera-johnny-1536x1152.jpg 1536w, https:\/\/pianoprovenzana.it\/wp-content\/uploads\/2025\/06\/vigna-mondifeso-sera-johnny-2048x1536.jpg 2048w, https:\/\/pianoprovenzana.it\/wp-content\/uploads\/2025\/06\/vigna-mondifeso-sera-johnny-1200x900.jpg 1200w, https:\/\/pianoprovenzana.it\/wp-content\/uploads\/2025\/06\/vigna-mondifeso-sera-johnny-1320x990.jpg 1320w, https:\/\/pianoprovenzana.it\/wp-content\/uploads\/2025\/06\/vigna-mondifeso-sera-johnny-600x450.jpg 600w\" sizes=\"auto, (max-width: 2400px) 100vw, 2400px\" \/><\/figure>\n<\/div>\n\n\n\n<div class=\"wp-block-column is-layout-flow wp-block-column-is-layout-flow\">\n<figure class=\"wp-block-image size-large\"><img loading=\"lazy\" decoding=\"async\" width=\"2400\" height=\"1800\" src=\"https:\/\/pianoprovenzana.it\/wp-content\/uploads\/2025\/06\/botte-di-vino-mondifeso-degustazione-esterno-2400x1800.jpg\" alt=\"\" class=\"wp-image-9509\" title=\"\" srcset=\"https:\/\/pianoprovenzana.it\/wp-content\/uploads\/2025\/06\/botte-di-vino-mondifeso-degustazione-esterno-2400x1800.jpg 2400w, https:\/\/pianoprovenzana.it\/wp-content\/uploads\/2025\/06\/botte-di-vino-mondifeso-degustazione-esterno-300x225.jpg 300w, https:\/\/pianoprovenzana.it\/wp-content\/uploads\/2025\/06\/botte-di-vino-mondifeso-degustazione-esterno-768x576.jpg 768w, https:\/\/pianoprovenzana.it\/wp-content\/uploads\/2025\/06\/botte-di-vino-mondifeso-degustazione-esterno-1536x1152.jpg 1536w, https:\/\/pianoprovenzana.it\/wp-content\/uploads\/2025\/06\/botte-di-vino-mondifeso-degustazione-esterno-2048x1536.jpg 2048w, https:\/\/pianoprovenzana.it\/wp-content\/uploads\/2025\/06\/botte-di-vino-mondifeso-degustazione-esterno-1200x900.jpg 1200w, https:\/\/pianoprovenzana.it\/wp-content\/uploads\/2025\/06\/botte-di-vino-mondifeso-degustazione-esterno-1320x990.jpg 1320w, https:\/\/pianoprovenzana.it\/wp-content\/uploads\/2025\/06\/botte-di-vino-mondifeso-degustazione-esterno-600x450.jpg 600w\" sizes=\"auto, (max-width: 2400px) 100vw, 2400px\" \/><\/figure>\n<\/div>\n<\/div>\n\n\n\n<figure class=\"wp-block-image size-large\"><img loading=\"lazy\" decoding=\"async\" width=\"2400\" height=\"1800\" src=\"https:\/\/pianoprovenzana.it\/wp-content\/uploads\/2025\/06\/vecchio-palmento-vino-etna-mondifeso-2400x1800.jpg\" alt=\"\" class=\"wp-image-9519\" title=\"\" srcset=\"https:\/\/pianoprovenzana.it\/wp-content\/uploads\/2025\/06\/vecchio-palmento-vino-etna-mondifeso-2400x1800.jpg 2400w, https:\/\/pianoprovenzana.it\/wp-content\/uploads\/2025\/06\/vecchio-palmento-vino-etna-mondifeso-300x225.jpg 300w, https:\/\/pianoprovenzana.it\/wp-content\/uploads\/2025\/06\/vecchio-palmento-vino-etna-mondifeso-768x576.jpg 768w, https:\/\/pianoprovenzana.it\/wp-content\/uploads\/2025\/06\/vecchio-palmento-vino-etna-mondifeso-1536x1152.jpg 1536w, https:\/\/pianoprovenzana.it\/wp-content\/uploads\/2025\/06\/vecchio-palmento-vino-etna-mondifeso-2048x1536.jpg 2048w, https:\/\/pianoprovenzana.it\/wp-content\/uploads\/2025\/06\/vecchio-palmento-vino-etna-mondifeso-1200x900.jpg 1200w, https:\/\/pianoprovenzana.it\/wp-content\/uploads\/2025\/06\/vecchio-palmento-vino-etna-mondifeso-1320x990.jpg 1320w, https:\/\/pianoprovenzana.it\/wp-content\/uploads\/2025\/06\/vecchio-palmento-vino-etna-mondifeso-600x450.jpg 600w\" sizes=\"auto, (max-width: 2400px) 100vw, 2400px\" \/><\/figure>\n\n\n\n<h2 class=\"wp-block-heading\">Position<\/h2>\n\n\n\n<p>La d\u00e9gustation aura lieu dans un domaine viticole \u00e0 Pedara. Apr\u00e8s votre r\u00e9servation, nous vous enverrons un bon contenant toutes les informations n\u00e9cessaires, l&rsquo;adresse et un lien vers Google Maps. <\/p>\n\n\n\n<ul class=\"wp-block-list\">\n<li>Distance entre le refuge Sapienza et le domaine viticole&nbsp;: 25 minutes<\/li>\n\n\n\n<li>Distance entre Piano Provenzana et le domaine viticole&nbsp;: 55 minutes<\/li>\n<\/ul>\n\n\n\n<p>Emplacement de la cave : Pedara<\/p>\n\n\n\n<h2 class=\"wp-block-heading\">R\u00e9server ?<\/h2>\n\n\n\n<p>Envie de vous immerger dans la magie des d\u00e9licieux vins de l&rsquo;Etna&nbsp;? Envoyez-nous une demande via notre formulaire en pr\u00e9cisant vos disponibilit\u00e9s. Nous nous efforcerons de vous r\u00e9pondre au plus vite&nbsp;! (Remarque&nbsp;: si vous utilisez une adresse Hotmail ou une adresse e-mail professionnelle, pensez \u00e0 v\u00e9rifier votre dossier de courriers ind\u00e9sirables, car nos r\u00e9ponses y atterrissent parfois&nbsp;!) Si vous ne recevez pas de r\u00e9ponse, veuillez nous contacter via WhatsApp&nbsp;; il se peut qu&rsquo;un probl\u00e8me technique soit survenu.    <\/p>\n","protected":false},"excerpt":{"rendered":"<p>FAQ<\/p>\n","protected":false},"author":2,"featured_media":12560,"parent":13240,"menu_order":252,"comment_status":"closed","ping_status":"closed","template":"page-excursion.php","meta":{"_acf_changed":false,"footnotes":""},"class_list":["post-12559","page","type-page","status-publish","has-post-thumbnail","hentry"],"acf":[],"_links":{"self":[{"href":"https:\/\/pianoprovenzana.it\/fr\/wp-json\/wp\/v2\/pages\/12559","targetHints":{"allow":["GET"]}}],"collection":[{"href":"https:\/\/pianoprovenzana.it\/fr\/wp-json\/wp\/v2\/pages"}],"about":[{"href":"https:\/\/pianoprovenzana.it\/fr\/wp-json\/wp\/v2\/types\/page"}],"author":[{"embeddable":true,"href":"https:\/\/pianoprovenzana.it\/fr\/wp-json\/wp\/v2\/users\/2"}],"replies":[{"embeddable":true,"href":"https:\/\/pianoprovenzana.it\/fr\/wp-json\/wp\/v2\/comments?post=12559"}],"version-history":[{"count":6,"href":"https:\/\/pianoprovenzana.it\/fr\/wp-json\/wp\/v2\/pages\/12559\/revisions"}],"predecessor-version":[{"id":13842,"href":"https:\/\/pianoprovenzana.it\/fr\/wp-json\/wp\/v2\/pages\/12559\/revisions\/13842"}],"up":[{"embeddable":true,"href":"https:\/\/pianoprovenzana.it\/fr\/wp-json\/wp\/v2\/pages\/13240"}],"wp:featuredmedia":[{"embeddable":true,"href":"https:\/\/pianoprovenzana.it\/fr\/wp-json\/wp\/v2\/media\/12560"}],"wp:attachment":[{"href":"https:\/\/pianoprovenzana.it\/fr\/wp-json\/wp\/v2\/media?parent=12559"}],"curies":[{"name":"wp","href":"https:\/\/api.w.org\/{rel}","templated":true}]}}